{"id":5280,"date":"2022-06-23T16:57:49","date_gmt":"2022-06-23T16:57:49","guid":{"rendered":"https:\/\/www.friemo.pt\/2022\/product\/ceos-vitrina-chocolate\/"},"modified":"2022-10-20T10:41:15","modified_gmt":"2022-10-20T10:41:15","slug":"ceos-vitrina-chocolate-3","status":"publish","type":"product","link":"https:\/\/www.friemo.pt\/en\/product\/ceos-vitrina-chocolate-3\/","title":{"rendered":"Ceos &#8211; Vitrina Chocolate"},"content":{"rendered":"<p>[vc_row full_width=&#8221;stretch_row_content&#8221; css=&#8221;.vc_custom_1511969384277{background-color: #ffffff !important;}&#8221; el_id=&#8221;vcrow-single-product&#8221;][vc_column width=&#8221;1\/6&#8243; el_class=&#8221;main-column-single-product&#8221;][\/vc_column][vc_column width=&#8221;2\/3&#8243;][vc_column_text css=&#8221;.vc_custom_1530468606294{padding-top: 10px !important;padding-bottom: 10px !important;}&#8221;]<\/p>\n<h1>| Vitrina Ceos &#8211; Chocolate<\/h1>\n<p>[\/vc_column_text][vc_row_inner][vc_column_inner width=&#8221;1\/2&#8243; css=&#8221;.vc_custom_1530463782767{padding-top: 10px !important;padding-right: 5px !important;padding-bottom: 10px !important;padding-left: 10px !important;}&#8221;][vc_column_text css=&#8221;.vc_custom_1530476852190{padding-top: 10px !important;padding-right: 5px !important;padding-bottom: 10px !important;padding-left: 10px !important;}&#8221;]<\/p>\n<p style=\"text-align: center;\"><span style=\"font-size: 12pt;\"><strong>Kit de vidros lift-up\u00a0(prateleira opcional)<\/strong><\/span><\/p>\n<p>[\/vc_column_text][vc_single_image image=&#8221;5238&#8243; img_size=&#8221;full&#8221; alignment=&#8221;center&#8221; css=&#8221;.vc_custom_1530468474788{padding-top: 10px !important;padding-right: 5px !important;padding-bottom: 10px !important;padding-left: 10px !important;}&#8221;][\/vc_column_inner][vc_column_inner width=&#8221;1\/2&#8243; css=&#8221;.vc_custom_1530463774961{padding-top: 10px !important;padding-right: 10px !important;padding-bottom: 10px !important;padding-left: 5px !important;}&#8221;][vc_column_text css=&#8221;.vc_custom_1530476909425{padding-top: 10px !important;padding-right: 10px !important;padding-bottom: 10px !important;padding-left: 5px !important;}&#8221;]<\/p>\n<p style=\"text-align: center;\"><span style=\"font-size: 12pt;\"><strong>Kit de vidros lift-down\u00a0(prateleira opcional)<\/strong><\/span><\/p>\n<p>[\/vc_column_text][vc_single_image image=&#8221;5202&#8243; img_size=&#8221;full&#8221; alignment=&#8221;center&#8221; css=&#8221;.vc_custom_1530468519651{padding-top: 10px !important;padding-right: 10px !important;padding-bottom: 10px !important;padding-left: 5px !important;}&#8221;][\/vc_column_inner][\/vc_row_inner][vc_tta_accordion style=&#8221;flat&#8221; shape=&#8221;square&#8221; c_align=&#8221;center&#8221; c_position=&#8221;right&#8221; active_section=&#8221;1&#8243; collapsible_all=&#8221;true&#8221;][vc_tta_section title=&#8221;Ficha T\u00e9cnica&#8221; tab_id=&#8221;1511956239166-8752cf3a-c2ab6c48-6475&#8243;][vc_row_inner css=&#8221;.vc_custom_1530463760452{padding-top: 10px !important;padding-right: 10px !important;padding-bottom: 10px !important;padding-left: 10px !important;}&#8221;][vc_column_inner width=&#8221;1\/2&#8243; css=&#8221;.vc_custom_1530463901757{padding-top: 10px !important;padding-right: 5px !important;padding-bottom: 10px !important;padding-left: 10px !important;}&#8221;][vc_column_text css=&#8221;.vc_custom_1530463857067{padding-top: 10px !important;padding-right: 5px !important;padding-bottom: 10px !important;padding-left: 10px !important;}&#8221;]<\/p>\n<p style=\"text-align: center;\">Vitrina lift-up vidro alto<\/p>\n<p>[\/vc_column_text][vc_single_image image=&#8221;5266&#8243; img_size=&#8221;full&#8221; alignment=&#8221;center&#8221; css=&#8221;.vc_custom_1530468253600{padding-top: 10px !important;padding-right: 5px !important;padding-bottom: 10px !important;padding-left: 10px !important;}&#8221;][\/vc_column_inner][vc_column_inner width=&#8221;1\/2&#8243; css=&#8221;.vc_custom_1530463909610{padding-top: 10px !important;padding-right: 10px !important;padding-bottom: 10px !important;padding-left: 5px !important;}&#8221;][vc_column_text css=&#8221;.vc_custom_1530463865589{padding-top: 10px !important;padding-right: 10px !important;padding-bottom: 10px !important;padding-left: 5px !important;}&#8221;]<\/p>\n<p style=\"text-align: center;\">Vitrina lift-up vidro baixo<\/p>\n<p>[\/vc_column_text][vc_single_image image=&#8221;5404&#8243; img_size=&#8221;full&#8221; alignment=&#8221;center&#8221; css=&#8221;.vc_custom_1530469129701{padding-top: 10px !important;padding-right: 10px !important;padding-bottom: 10px !important;padding-left: 5px !important;}&#8221;][\/vc_column_inner][\/vc_row_inner][vc_row_inner][vc_column_inner width=&#8221;1\/2&#8243; css=&#8221;.vc_custom_1530463931991{padding-top: 10px !important;padding-right: 5px !important;padding-bottom: 10px !important;padding-left: 10px !important;}&#8221;][vc_column_text css=&#8221;.vc_custom_1530463959825{padding-top: 10px !important;padding-right: 5px !important;padding-bottom: 10px !important;padding-left: 10px !important;}&#8221;]<\/p>\n<p style=\"text-align: center;\">Vitrina lift-down vidro alto<\/p>\n<p>[\/vc_column_text][vc_single_image image=&#8221;5258&#8243; img_size=&#8221;full&#8221; alignment=&#8221;center&#8221; css=&#8221;.vc_custom_1530468301372{padding-top: 10px !important;padding-right: 5px !important;padding-bottom: 10px !important;padding-left: 10px !important;}&#8221;][\/vc_column_inner][vc_column_inner width=&#8221;1\/2&#8243; css=&#8221;.vc_custom_1530463945275{padding-top: 10px !important;padding-right: 10px !important;padding-bottom: 10px !important;padding-left: 5px !important;}&#8221;][vc_column_text css=&#8221;.vc_custom_1530463952697{padding-top: 10px !important;padding-right: 10px !important;padding-bottom: 10px !important;padding-left: 5px !important;}&#8221;]<\/p>\n<p style=\"text-align: center;\">Vitrina lift-down vidro baixo<\/p>\n<p>[\/vc_column_text][vc_single_image image=&#8221;5262&#8243; img_size=&#8221;full&#8221; alignment=&#8221;center&#8221; css=&#8221;.vc_custom_1530468327654{padding-top: 10px !important;padding-right: 10px !important;padding-bottom: 10px !important;padding-left: 5px !important;}&#8221;][\/vc_column_inner][\/vc_row_inner][vc_row_inner el_id=&#8221;table-inside-product&#8221;][vc_column_inner css=&#8221;.vc_custom_1511970244747{padding-top: 20px !important;padding-right: 20px !important;padding-bottom: 20px !important;padding-left: 20px !important;}&#8221;][vc_column_text el_class=&#8221;scheme-columns&#8221;]<\/p>\n<table width=\"1164\">\n<tbody>\n<tr>\n<td style=\"border-color: #ffffff; background-color: #3b3b3b; width: 116px;\" width=\"116\"><strong><span style=\"color: #ffffff;\">Modelo<\/span><\/strong><\/td>\n<td style=\"border-color: #ffffff; background-color: #3b3b3b;\" width=\"207\"><strong><span style=\"color: #ffffff;\">Vidro Direito Baixo Lift-Down e Lift-up<\/span><\/strong><br \/>\n<strong><span style=\"color: #ffffff;\">X x Y x Z ***<\/span><\/strong><br \/>\n<strong><span style=\"color: #ffffff;\">(sem laterais) <\/span><\/strong><br \/>\n<strong><span style=\"color: #ffffff;\">mm<\/span><\/strong><\/td>\n<td style=\"border-color: #ffffff; background-color: #3b3b3b;\" width=\"207\"><strong><span style=\"color: #ffffff;\">Vidro Direito Baixo Lift-Down e Lift-up<\/span><\/strong><br \/>\n<strong><span style=\"color: #ffffff;\">X x Y x Z ***<\/span><\/strong><br \/>\n<strong><span style=\"color: #ffffff;\">(sem laterais) <\/span><\/strong><br \/>\n<strong><span style=\"color: #ffffff;\">mm<\/span><\/strong><\/td>\n<td style=\"border-color: #ffffff; background-color: #3b3b3b;\" width=\"75\"><strong><span style=\"color: #ffffff;\">Cap. G\/N<\/span><\/strong><\/td>\n<td style=\"border-color: #ffffff; background-color: #3b3b3b;\" width=\"161\"><strong><span style=\"color: #ffffff;\">Superf\u00edcie de exposi\u00e7\u00e3o sem prateleira<\/span><\/strong><br \/>\n<strong><span style=\"color: #ffffff;\">m2<\/span><\/strong><\/td>\n<td style=\"border-color: #ffffff; background-color: #3b3b3b;\" width=\"75\"><strong><span style=\"color: #ffffff;\">N\u00ba portas<\/span><\/strong><\/td>\n<td style=\"border-color: #ffffff; background-color: #3b3b3b;\" width=\"69\"><strong><span style=\"color: #ffffff;\">Potencia El\u00e9trica <\/span><\/strong><br \/>\n<strong><span style=\"color: #ffffff;\">W<\/span><\/strong><\/td>\n<td style=\"border-color: #ffffff; background-color: #3b3b3b;\" width=\"95\"><strong><span style=\"color: #ffffff;\">Alimenta\u00e7\u00e3o <\/span><\/strong><br \/>\n<strong><span style=\"color: #ffffff;\">V\/Hz<\/span><\/strong><\/td>\n<td style=\"border-color: #ffffff; background-color: #3b3b3b;\" width=\"91\"><strong><span style=\"color: #ffffff;\">Potencia Frigor\u00edfica * <\/span><\/strong><br \/>\n<strong><span style=\"color: #ffffff;\">W<\/span><\/strong><\/td>\n<td style=\"border-color: #ffffff; background-color: #3b3b3b;\" width=\"68\"><strong><span style=\"color: #ffffff;\">T\u00a0 ** <\/span><\/strong><br \/>\n<strong><span style=\"color: #ffffff;\">\u00baC<\/span><\/strong><\/td>\n<\/tr>\n<tr>\n<td width=\"116\">VCERCH085<\/td>\n<td>850 x 850 x 1150<\/td>\n<td>850 x 850 x 1300<\/td>\n<td>\u2014<\/td>\n<td>0,34<\/td>\n<td>1<\/td>\n<td>775<\/td>\n<td>230\/50<\/td>\n<td>359<\/td>\n<td>+8\/+10<\/td>\n<\/tr>\n<tr>\n<td width=\"116\">VCERCH125<\/td>\n<td>1250 x 850 x 1150<\/td>\n<td>1250 x 850 x 1300<\/td>\n<td>\u2014<\/td>\n<td>0,5<\/td>\n<td>1<\/td>\n<td>930<\/td>\n<td>230\/50<\/td>\n<td>520<\/td>\n<td>+8\/+10<\/td>\n<\/tr>\n<tr>\n<td width=\"116\">VCERCH165<\/td>\n<td>1650 x 850 x 1150<\/td>\n<td>1650 x 850 x 1300<\/td>\n<td>\u2014<\/td>\n<td>0,66<\/td>\n<td>2<\/td>\n<td>1129<\/td>\n<td>230\/50<\/td>\n<td>585<\/td>\n<td>+8\/+10<\/td>\n<\/tr>\n<\/tbody>\n<\/table>\n<p>[\/vc_column_text][vc_column_text]Para altera\u00e7\u00e3o da alimenta\u00e7\u00e3o consulte-nos.<br \/>\n* Evap Temp. = -10\u00baC, Amb. Temp. = +32\u00baC<br \/>\n** Test EN ISO 23953<br \/>\n***\u00a0Espessura lateral chapa lacada (cada um): 2,0 mm<br \/>\nEspessura lateral MDF cr\u00fa \/ lacado (cada um):\u00a020,0 mm<br \/>\nEspessura lateral formica (cada um):\u00a020,0 mm[\/vc_column_text][\/vc_column_inner][\/vc_row_inner][\/vc_tta_section][\/vc_tta_accordion][vc_row_inner][vc_column_inner width=&#8221;1\/3&#8243; css=&#8221;.vc_custom_1523396156686{padding-top: 0px !important;padding-right: 20px !important;padding-bottom: 20px !important;padding-left: 20px !important;}&#8221;][vc_column_text el_class=&#8221;scheme-tech-link&#8221;]<\/p>\n<p style=\"text-align: center;\"><a href=\"http:\/\/www.coldkit.com\/wp-content\/uploads\/2019\/10\/CLK_PT_CEOS_201904-1.pdf\" target=\"_blank\" rel=\"noopener noreferrer\">Descarregar cat\u00e1logo<\/a><\/p>\n<p>[\/vc_column_text][\/vc_column_inner][vc_column_inner width=&#8221;1\/3&#8243;][vc_column_text el_class=&#8221;scheme-tech-link&#8221;]<\/p>\n<p style=\"text-align: center;\"><a href=\"mailto:qualidade-pce@coldkit.com\" rel=\"noopener\">Solicitar certificado CE &#8211; Ceos<\/a><\/p>\n<p>[\/vc_column_text][\/vc_column_inner][vc_column_inner width=&#8221;1\/3&#8243;][vc_column_text el_class=&#8221;scheme-tech-link&#8221;]<\/p>\n<p style=\"text-align: center;\"><a href=\"mailto:info@coldkit.com\">Contacte-nos<\/a><\/p>\n<p>[\/vc_column_text][\/vc_column_inner][\/vc_row_inner][\/vc_column][vc_column width=&#8221;1\/6&#8243;][\/vc_column][\/vc_row]<\/p>\n","protected":false},"excerpt":{"rendered":"<ul>\n<li>Isolamento t\u00e9rmico em PU e EPS<\/li>\n<li>Interior em a\u00e7o inoxid\u00e1vel<\/li>\n<li>Exposi\u00e7\u00e3o para tabuleiros 600&#215;400 em a\u00e7o inoxid\u00e1vel em plano horizontal<\/li>\n<li>Reserva para tabuleiros 600 x 400 em a\u00e7o inoxid\u00e1vel (com op\u00e7\u00e3o para suporte tabuleiros)<\/li>\n<li>Tampo de servi\u00e7o com 200mm personaliz\u00e1vel<\/li>\n<li>Controlador digital<\/li>\n<li>Term\u00f3metro digital<\/li>\n<li>Montantes frontais em alum\u00ednio anodizado<\/li>\n<li>Kits de vidros: Lift-down e Lift-up (prateleira sempre opcional)<\/li>\n<li>Painel frontal anti condensa\u00e7\u00e3o transparente<\/li>\n<li>Resist\u00eancia frontal anti condensa\u00e7\u00e3o<\/li>\n<li>Vidros laterais baixo-emissivos<\/li>\n<li>G\u00e1s refrigerante de acordo com a normativa em vigor<\/li>\n<li>F\u00e1cil limpeza<\/li>\n<\/ul>\n","protected":false},"featured_media":2735,"comment_status":"open","ping_status":"closed","template":"","meta":{"_acf_changed":false},"product_cat":[292,306,291,243],"product_tag":[],"submarca":[210],"tipo":[295,294],"area":[],"class_list":{"0":"post-5280","1":"product","2":"type-product","3":"status-publish","4":"has-post-thumbnail","6":"product_cat-cafeterias-pastries-bakeries","7":"product_cat-ceos-en","8":"product_cat-display-cases-and-counters","9":"product_cat-type-en","10":"submarca-ceos","11":"tipo-cafeterias-pastries-bakeries","12":"tipo-display-cases-and-counters","14":"first","15":"instock","16":"shipping-taxable","17":"product-type-simple"},"acf":[],"yoast_head":"<!-- This site is optimized with the Yoast SEO plugin v25.0 - https:\/\/yoast.com\/wordpress\/plugins\/seo\/ -->\n<title>Ceos - Vitrina Chocolate - Friemo<\/title>\n<meta name=\"robots\" content=\"index, follow, max-snippet:-1, max-image-preview:large, max-video-preview:-1\" \/>\n<link rel=\"canonical\" href=\"https:\/\/www.friemo.pt\/en\/product\/ceos-vitrina-chocolate-3\/\" \/>\n<meta property=\"og:locale\" content=\"en_US\" \/>\n<meta property=\"og:type\" content=\"article\" \/>\n<meta property=\"og:title\" content=\"Ceos - Vitrina Chocolate - Friemo\" \/>\n<meta property=\"og:description\" content=\"Isolamento t\u00e9rmico em PU e EPS  Interior em a\u00e7o inoxid\u00e1vel  Exposi\u00e7\u00e3o para tabuleiros 600x400 em a\u00e7o inoxid\u00e1vel em plano horizontal  Reserva para tabuleiros 600 x 400 em a\u00e7o inoxid\u00e1vel (com op\u00e7\u00e3o para suporte tabuleiros)  Tampo de servi\u00e7o com 200mm personaliz\u00e1vel  Controlador digital  Term\u00f3metro digital  Montantes frontais em alum\u00ednio anodizado  Kits de vidros: Lift-down e Lift-up (prateleira sempre opcional)  Painel frontal anti condensa\u00e7\u00e3o transparente  Resist\u00eancia frontal anti condensa\u00e7\u00e3o  Vidros laterais baixo-emissivos  G\u00e1s refrigerante de acordo com a normativa em vigor  F\u00e1cil limpeza\" \/>\n<meta property=\"og:url\" content=\"https:\/\/www.friemo.pt\/en\/product\/ceos-vitrina-chocolate-3\/\" \/>\n<meta property=\"og:site_name\" content=\"Friemo\" \/>\n<meta property=\"article:publisher\" content=\"https:\/\/www.facebook.com\/friemo.purever\" \/>\n<meta property=\"article:modified_time\" content=\"2022-10-20T10:41:15+00:00\" \/>\n<meta property=\"og:image\" content=\"https:\/\/www.friemo.pt\/wp-content\/uploads\/2022\/06\/Ceos-vitrina-Lift-up-chocolate-4009.jpg\" \/>\n\t<meta property=\"og:image:width\" content=\"1050\" \/>\n\t<meta property=\"og:image:height\" content=\"1050\" \/>\n\t<meta property=\"og:image:type\" content=\"image\/jpeg\" \/>\n<meta name=\"twitter:card\" content=\"summary_large_image\" \/>\n<meta name=\"twitter:label1\" content=\"Est. reading time\" \/>\n\t<meta name=\"twitter:data1\" content=\"4 minutes\" \/>\n<script type=\"application\/ld+json\" class=\"yoast-schema-graph\">{\"@context\":\"https:\/\/schema.org\",\"@graph\":[{\"@type\":\"WebPage\",\"@id\":\"https:\/\/www.friemo.pt\/en\/product\/ceos-vitrina-chocolate-3\/\",\"url\":\"https:\/\/www.friemo.pt\/en\/product\/ceos-vitrina-chocolate-3\/\",\"name\":\"Ceos - Vitrina Chocolate - Friemo\",\"isPartOf\":{\"@id\":\"https:\/\/www.friemo.pt\/en\/#website\"},\"primaryImageOfPage\":{\"@id\":\"https:\/\/www.friemo.pt\/en\/product\/ceos-vitrina-chocolate-3\/#primaryimage\"},\"image\":{\"@id\":\"https:\/\/www.friemo.pt\/en\/product\/ceos-vitrina-chocolate-3\/#primaryimage\"},\"thumbnailUrl\":\"https:\/\/www.friemo.pt\/wp-content\/uploads\/2022\/06\/Ceos-vitrina-Lift-up-chocolate-4009.jpg\",\"datePublished\":\"2022-06-23T16:57:49+00:00\",\"dateModified\":\"2022-10-20T10:41:15+00:00\",\"breadcrumb\":{\"@id\":\"https:\/\/www.friemo.pt\/en\/product\/ceos-vitrina-chocolate-3\/#breadcrumb\"},\"inLanguage\":\"en-US\",\"potentialAction\":[{\"@type\":\"ReadAction\",\"target\":[\"https:\/\/www.friemo.pt\/en\/product\/ceos-vitrina-chocolate-3\/\"]}]},{\"@type\":\"ImageObject\",\"inLanguage\":\"en-US\",\"@id\":\"https:\/\/www.friemo.pt\/en\/product\/ceos-vitrina-chocolate-3\/#primaryimage\",\"url\":\"https:\/\/www.friemo.pt\/wp-content\/uploads\/2022\/06\/Ceos-vitrina-Lift-up-chocolate-4009.jpg\",\"contentUrl\":\"https:\/\/www.friemo.pt\/wp-content\/uploads\/2022\/06\/Ceos-vitrina-Lift-up-chocolate-4009.jpg\",\"width\":1050,\"height\":1050},{\"@type\":\"BreadcrumbList\",\"@id\":\"https:\/\/www.friemo.pt\/en\/product\/ceos-vitrina-chocolate-3\/#breadcrumb\",\"itemListElement\":[{\"@type\":\"ListItem\",\"position\":1,\"name\":\"In\u00edcio\",\"item\":\"https:\/\/www.friemo.pt\/\"},{\"@type\":\"ListItem\",\"position\":2,\"name\":\"Products\",\"item\":\"https:\/\/www.friemo.pt\/en\/shop\/\"},{\"@type\":\"ListItem\",\"position\":3,\"name\":\"Ceos &#8211; Vitrina Chocolate\"}]},{\"@type\":\"WebSite\",\"@id\":\"https:\/\/www.friemo.pt\/en\/#website\",\"url\":\"https:\/\/www.friemo.pt\/en\/\",\"name\":\"Friemo\",\"description\":\"Caring for what you care for\",\"publisher\":{\"@id\":\"https:\/\/www.friemo.pt\/en\/#organization\"},\"potentialAction\":[{\"@type\":\"SearchAction\",\"target\":{\"@type\":\"EntryPoint\",\"urlTemplate\":\"https:\/\/www.friemo.pt\/en\/?s={search_term_string}\"},\"query-input\":{\"@type\":\"PropertyValueSpecification\",\"valueRequired\":true,\"valueName\":\"search_term_string\"}}],\"inLanguage\":\"en-US\"},{\"@type\":\"Organization\",\"@id\":\"https:\/\/www.friemo.pt\/en\/#organization\",\"name\":\"Friemo\",\"url\":\"https:\/\/www.friemo.pt\/en\/\",\"logo\":{\"@type\":\"ImageObject\",\"inLanguage\":\"en-US\",\"@id\":\"https:\/\/www.friemo.pt\/en\/#\/schema\/logo\/image\/\",\"url\":\"https:\/\/www.friemo.pt\/wp-content\/uploads\/2022\/02\/Friemo_logo.png\",\"contentUrl\":\"https:\/\/www.friemo.pt\/wp-content\/uploads\/2022\/02\/Friemo_logo.png\",\"width\":1417,\"height\":271,\"caption\":\"Friemo\"},\"image\":{\"@id\":\"https:\/\/www.friemo.pt\/en\/#\/schema\/logo\/image\/\"},\"sameAs\":[\"https:\/\/www.facebook.com\/friemo.purever\",\"https:\/\/www.instagram.com\/friemo.purever\/\"]}]}<\/script>\n<!-- \/ Yoast SEO plugin. -->","yoast_head_json":{"title":"Ceos - Vitrina Chocolate - Friemo","robots":{"index":"index","follow":"follow","max-snippet":"max-snippet:-1","max-image-preview":"max-image-preview:large","max-video-preview":"max-video-preview:-1"},"canonical":"https:\/\/www.friemo.pt\/en\/product\/ceos-vitrina-chocolate-3\/","og_locale":"en_US","og_type":"article","og_title":"Ceos - Vitrina Chocolate - Friemo","og_description":"Isolamento t\u00e9rmico em PU e EPS  Interior em a\u00e7o inoxid\u00e1vel  Exposi\u00e7\u00e3o para tabuleiros 600x400 em a\u00e7o inoxid\u00e1vel em plano horizontal  Reserva para tabuleiros 600 x 400 em a\u00e7o inoxid\u00e1vel (com op\u00e7\u00e3o para suporte tabuleiros)  Tampo de servi\u00e7o com 200mm personaliz\u00e1vel  Controlador digital  Term\u00f3metro digital  Montantes frontais em alum\u00ednio anodizado  Kits de vidros: Lift-down e Lift-up (prateleira sempre opcional)  Painel frontal anti condensa\u00e7\u00e3o transparente  Resist\u00eancia frontal anti condensa\u00e7\u00e3o  Vidros laterais baixo-emissivos  G\u00e1s refrigerante de acordo com a normativa em vigor  F\u00e1cil limpeza","og_url":"https:\/\/www.friemo.pt\/en\/product\/ceos-vitrina-chocolate-3\/","og_site_name":"Friemo","article_publisher":"https:\/\/www.facebook.com\/friemo.purever","article_modified_time":"2022-10-20T10:41:15+00:00","og_image":[{"width":1050,"height":1050,"url":"https:\/\/www.friemo.pt\/wp-content\/uploads\/2022\/06\/Ceos-vitrina-Lift-up-chocolate-4009.jpg","type":"image\/jpeg"}],"twitter_card":"summary_large_image","twitter_misc":{"Est. reading time":"4 minutes"},"schema":{"@context":"https:\/\/schema.org","@graph":[{"@type":"WebPage","@id":"https:\/\/www.friemo.pt\/en\/product\/ceos-vitrina-chocolate-3\/","url":"https:\/\/www.friemo.pt\/en\/product\/ceos-vitrina-chocolate-3\/","name":"Ceos - Vitrina Chocolate - Friemo","isPartOf":{"@id":"https:\/\/www.friemo.pt\/en\/#website"},"primaryImageOfPage":{"@id":"https:\/\/www.friemo.pt\/en\/product\/ceos-vitrina-chocolate-3\/#primaryimage"},"image":{"@id":"https:\/\/www.friemo.pt\/en\/product\/ceos-vitrina-chocolate-3\/#primaryimage"},"thumbnailUrl":"https:\/\/www.friemo.pt\/wp-content\/uploads\/2022\/06\/Ceos-vitrina-Lift-up-chocolate-4009.jpg","datePublished":"2022-06-23T16:57:49+00:00","dateModified":"2022-10-20T10:41:15+00:00","breadcrumb":{"@id":"https:\/\/www.friemo.pt\/en\/product\/ceos-vitrina-chocolate-3\/#breadcrumb"},"inLanguage":"en-US","potentialAction":[{"@type":"ReadAction","target":["https:\/\/www.friemo.pt\/en\/product\/ceos-vitrina-chocolate-3\/"]}]},{"@type":"ImageObject","inLanguage":"en-US","@id":"https:\/\/www.friemo.pt\/en\/product\/ceos-vitrina-chocolate-3\/#primaryimage","url":"https:\/\/www.friemo.pt\/wp-content\/uploads\/2022\/06\/Ceos-vitrina-Lift-up-chocolate-4009.jpg","contentUrl":"https:\/\/www.friemo.pt\/wp-content\/uploads\/2022\/06\/Ceos-vitrina-Lift-up-chocolate-4009.jpg","width":1050,"height":1050},{"@type":"BreadcrumbList","@id":"https:\/\/www.friemo.pt\/en\/product\/ceos-vitrina-chocolate-3\/#breadcrumb","itemListElement":[{"@type":"ListItem","position":1,"name":"In\u00edcio","item":"https:\/\/www.friemo.pt\/"},{"@type":"ListItem","position":2,"name":"Products","item":"https:\/\/www.friemo.pt\/en\/shop\/"},{"@type":"ListItem","position":3,"name":"Ceos &#8211; Vitrina Chocolate"}]},{"@type":"WebSite","@id":"https:\/\/www.friemo.pt\/en\/#website","url":"https:\/\/www.friemo.pt\/en\/","name":"Friemo","description":"Caring for what you care for","publisher":{"@id":"https:\/\/www.friemo.pt\/en\/#organization"},"potentialAction":[{"@type":"SearchAction","target":{"@type":"EntryPoint","urlTemplate":"https:\/\/www.friemo.pt\/en\/?s={search_term_string}"},"query-input":{"@type":"PropertyValueSpecification","valueRequired":true,"valueName":"search_term_string"}}],"inLanguage":"en-US"},{"@type":"Organization","@id":"https:\/\/www.friemo.pt\/en\/#organization","name":"Friemo","url":"https:\/\/www.friemo.pt\/en\/","logo":{"@type":"ImageObject","inLanguage":"en-US","@id":"https:\/\/www.friemo.pt\/en\/#\/schema\/logo\/image\/","url":"https:\/\/www.friemo.pt\/wp-content\/uploads\/2022\/02\/Friemo_logo.png","contentUrl":"https:\/\/www.friemo.pt\/wp-content\/uploads\/2022\/02\/Friemo_logo.png","width":1417,"height":271,"caption":"Friemo"},"image":{"@id":"https:\/\/www.friemo.pt\/en\/#\/schema\/logo\/image\/"},"sameAs":["https:\/\/www.facebook.com\/friemo.purever","https:\/\/www.instagram.com\/friemo.purever\/"]}]}},"_links":{"self":[{"href":"https:\/\/www.friemo.pt\/en\/wp-json\/wp\/v2\/product\/5280"}],"collection":[{"href":"https:\/\/www.friemo.pt\/en\/wp-json\/wp\/v2\/product"}],"about":[{"href":"https:\/\/www.friemo.pt\/en\/wp-json\/wp\/v2\/types\/product"}],"replies":[{"embeddable":true,"href":"https:\/\/www.friemo.pt\/en\/wp-json\/wp\/v2\/comments?post=5280"}],"wp:featuredmedia":[{"embeddable":true,"href":"https:\/\/www.friemo.pt\/en\/wp-json\/wp\/v2\/media\/2735"}],"wp:attachment":[{"href":"https:\/\/www.friemo.pt\/en\/wp-json\/wp\/v2\/media?parent=5280"}],"wp:term":[{"taxonomy":"product_cat","embeddable":true,"href":"https:\/\/www.friemo.pt\/en\/wp-json\/wp\/v2\/product_cat?post=5280"},{"taxonomy":"product_tag","embeddable":true,"href":"https:\/\/www.friemo.pt\/en\/wp-json\/wp\/v2\/product_tag?post=5280"},{"taxonomy":"submarca","embeddable":true,"href":"https:\/\/www.friemo.pt\/en\/wp-json\/wp\/v2\/submarca?post=5280"},{"taxonomy":"tipo","embeddable":true,"href":"https:\/\/www.friemo.pt\/en\/wp-json\/wp\/v2\/tipo?post=5280"},{"taxonomy":"area","embeddable":true,"href":"https:\/\/www.friemo.pt\/en\/wp-json\/wp\/v2\/area?post=5280"}],"curies":[{"name":"wp","href":"https:\/\/api.w.org\/{rel}","templated":true}]}}